{"id":29788,"date":"2021-11-28T12:47:34","date_gmt":"2021-11-28T11:47:34","guid":{"rendered":"http:\/\/www.ecole-de-voile.ch\/?page_id=29788"},"modified":"2025-08-27T19:25:32","modified_gmt":"2025-08-27T17:25:32","slug":"examen-pratique","status":"publish","type":"page","link":"https:\/\/www.ecole-de-voile.ch\/en\/examen-pratique\/","title":{"rendered":"EXAMEN PRATIQUE"},"content":{"rendered":"<p>[et_pb_section fb_built=&#8221;1&#8243; _builder_version=&#8221;4.2&#8243;][et_pb_row _builder_version=&#8221;4.2&#8243; min_height=&#8221;422.2px&#8221;][et_pb_column type=&#8221;4_4&#8243; _builder_version=&#8221;4.2&#8243;][et_pb_text _builder_version=&#8221;4.2&#8243; min_height=&#8221;316px&#8221;]<\/p>\n<div>\n<h1>Vous avez bientot votre examen pratique ?<\/h1>\n<h2>Voile Cat. D ou Moteur Cat. A ?<\/h2>\n<\/div>\n<div class=\"contributed_html\">\n<div class=\"row-fluid\">\n<div class=\"span12\">\n<p>&nbsp;<\/p>\n<p>Vous avez re\u00e7u votre date d&#8217;examen pratique ? Merci de suivre les consignes suivantes :<br \/> <span style=\"color: #ff0000;\">(Tr\u00e8s importantes !!!)<\/span><\/p>\n<p><span style=\"color: #ff0000;\"><span style=\"color: #000000;\"><strong>1. Merci de prendre avec vous <span style=\"text-decoration: underline;\"><span style=\"color: #ff0000; text-decoration: underline;\">la feuille<\/span><\/span> &#8221;Bulletin d&#8217;inscription \u00e0 Examen Pratique&#8217;<\/strong>&#8216;\u00a0<\/span><strong>Voir exemple en image ci-dessous !<br \/><\/strong><\/span><span style=\"color: #000000; font-size: 14px;\">Cette feuille vous aura \u00e9t\u00e9 fourni par le SAN apr\u00e8s r\u00e9ussite de votre examen th\u00e9orique et doit correspondre \u00e0 la cat\u00e9gorie de l&#8217;examen (en haut \u00e0 gauche de la feuille)<\/span><\/p>\n<p><span style=\"color: #ff0000;\"> <span style=\"color: #000000;\">&#8211; <strong>pratique cat. SD<\/strong> = examen pratique permis <span style=\"text-decoration: underline;\"><strong>voile<\/strong><\/span><\/span><br \/> <span style=\"color: #000000;\">&#8211; <strong>pratique cat. SA<\/strong> = examen pratique permis <strong><span style=\"text-decoration: underline;\">moteur<\/span><\/strong><\/span><\/span><\/p>\n<p><span style=\"color: #000000;\"><strong>2. Merci de prendre<\/strong> <strong>avec vous votre <span style=\"text-decoration: underline;\"><span style=\"color: #ff0000; text-decoration: underline;\">pi\u00e8ce d&#8217;identi\u00e9<\/span><\/span><\/strong> (Carte d&#8217;identit\u00e9 ou Passeport)&#8230;le permis de conduire n&#8217;est pas admis !<\/span><\/p>\n<p><span style=\"color: #000000;\"><strong>3. Si vous poss\u00e9dez d\u00e9j\u00e0 le permis moteur ou voile, prenez-le avec vous !!!<\/strong><\/span><\/p>\n<p><span style=\"color: #000000;\"><\/span><\/p>\n<p><span style=\"color: #000000;\"><\/span><\/p>\n<\/div>\n<\/div>\n<\/div>\n<p>[\/et_pb_text][\/et_pb_column][\/et_pb_row][et_pb_row _builder_version=&#8221;4.2&#8243; custom_margin=&#8221;|auto|-13px|auto||&#8221; custom_padding=&#8221;13px|||||&#8221;][et_pb_column type=&#8221;4_4&#8243; _builder_version=&#8221;4.2&#8243;][et_pb_text _builder_version=&#8221;4.2&#8243; hover_enabled=&#8221;0&#8243;]<\/p>\n<p style=\"text-align: center;\"><span style=\"text-decoration: underline;\"><span style=\"color: #ff0000;\"><strong>VOIR LES DEUX EXEMPLES DE FEUILLE D&#8217;INSCRIPTION CI-DESSOUS<br \/>Veillez \u00e0 avoir l&#8217;une de ces feuilles avec vous le jour de l&#8217;examen&#8230;<\/strong><\/span><\/span><\/p>\n<p>[\/et_pb_text][\/et_pb_column][\/et_pb_row][et_pb_row _builder_version=&#8221;4.2&#8243; column_structure=&#8221;1_2,1_2&#8243;][et_pb_column _builder_version=&#8221;4.2&#8243; type=&#8221;1_2&#8243;][et_pb_text _builder_version=&#8221;4.2&#8243; hover_enabled=&#8221;0&#8243;]<\/p>\n<p><a href=\"http:\/\/www.ecole-de-voile.ch\/wp-content\/uploads\/2025\/08\/exemplaire-bulletin-examen-pratique-permis-voile-cat.d.jpg.png\"><img loading=\"lazy\" decoding=\"async\" src=\"http:\/\/www.ecole-de-voile.ch\/wp-content\/uploads\/2025\/08\/exemplaire-bulletin-examen-pratique-permis-voile-cat.d.jpg-224x300.png\" width=\"224\" height=\"300\" alt=\"\" class=\"wp-image-999465 aligncenter size-medium\" \/><\/a><\/p>\n<p>[\/et_pb_text][\/et_pb_column][et_pb_column _builder_version=&#8221;4.2&#8243; type=&#8221;1_2&#8243;][et_pb_text _builder_version=&#8221;4.2&#8243; hover_enabled=&#8221;0&#8243;]<\/p>\n<p><a href=\"http:\/\/www.ecole-de-voile.ch\/wp-content\/uploads\/2025\/04\/exemple-bulletin-inscription-examen-pratique-permis-voile-cat.d.jpg\"><img loading=\"lazy\" decoding=\"async\" src=\"http:\/\/www.ecole-de-voile.ch\/wp-content\/uploads\/2025\/04\/exemple-bulletin-inscription-examen-pratique-permis-voile-cat.d-225x300.jpg\" width=\"225\" height=\"300\" alt=\"\" class=\"wp-image-804055 aligncenter size-medium\" \/><\/a><\/p>\n<p>[\/et_pb_text][\/et_pb_column][\/et_pb_row][\/et_pb_section]<\/p>\n","protected":false},"excerpt":{"rendered":"<p>[et_pb_section fb_built=&#8221;1&#8243; _builder_version=&#8221;4.2&#8243;][et_pb_row _builder_version=&#8221;4.2&#8243; min_height=&#8221;422.2px&#8221;][et_pb_column type=&#8221;4_4&#8243; _builder_version=&#8221;4.2&#8243;][et_pb_text _builder_version=&#8221;4.2&#8243; min_height=&#8221;316px&#8221;] Vous avez bientot votre examen pratique ? Voile Cat. D ou Moteur Cat. A ? &nbsp; Vous avez re\u00e7u votre date d&#8217;examen pratique ? Merci de suivre les consignes suivantes : (Tr\u00e8s importantes !!!) 1. Merci de prendre avec vous la feuille &#8221;Bulletin d&#8217;inscription \u00e0 Examen [&hellip;]<\/p>\n","protected":false},"author":1,"featured_media":0,"parent":0,"menu_order":0,"comment_status":"closed","ping_status":"closed","template":"","meta":{"_et_pb_use_builder":"on","_et_pb_old_content":"","_et_gb_content_width":"","footnotes":""},"class_list":["post-29788","page","type-page","status-publish","hentry"],"yoast_head":"<!-- This site is optimized with the Yoast SEO plugin v27.4 - https:\/\/yoast.com\/product\/yoast-seo-wordpress\/ -->\n<title>EXAMEN PRATIQUE - ECOLE DE VOILE D&#039;OUCHY<\/title>\n<meta name=\"description\" content=\"Cours premiers secours pour permis mer suisse. Certificat premiers secours et samaritain avec attestation valable 6 ans pour permis mer suisse\" \/>\n<meta name=\"robots\" content=\"index, follow, max-snippet:-1, max-image-preview:large, max-video-preview:-1\" \/>\n<link rel=\"canonical\" href=\"https:\/\/www.ecole-de-voile.ch\/en\/examen-pratique\/\" \/>\n<meta property=\"og:locale\" content=\"en_GB\" \/>\n<meta property=\"og:type\" content=\"article\" \/>\n<meta property=\"og:title\" content=\"EXAMEN PRATIQUE - ECOLE DE VOILE D&#039;OUCHY\" \/>\n<meta property=\"og:description\" content=\"Cours premiers secours pour permis mer suisse. Certificat premiers secours et samaritain avec attestation valable 6 ans pour permis mer suisse\" \/>\n<meta property=\"og:url\" content=\"https:\/\/www.ecole-de-voile.ch\/en\/examen-pratique\/\" \/>\n<meta property=\"og:site_name\" content=\"ECOLE DE VOILE D&#039;OUCHY\" \/>\n<meta property=\"article:publisher\" content=\"https:\/\/www.facebook.com\/ecoledevoileouchy\/\" \/>\n<meta property=\"article:modified_time\" content=\"2025-08-27T17:25:32+00:00\" \/>\n<meta property=\"og:image\" content=\"http:\/\/www.ecole-de-voile.ch\/wp-content\/uploads\/2025\/08\/exemplaire-bulletin-examen-pratique-permis-voile-cat.d.jpg-224x300.png\" \/>\n<meta name=\"twitter:card\" content=\"summary_large_image\" \/>\n<meta name=\"twitter:label1\" content=\"Estimated reading time\" \/>\n\t<meta name=\"twitter:data1\" content=\"1 minute\" \/>\n<script type=\"application\/ld+json\" class=\"yoast-schema-graph\">{\"@context\":\"https:\\\/\\\/schema.org\",\"@graph\":[{\"@type\":\"WebPage\",\"@id\":\"https:\\\/\\\/www.ecole-de-voile.ch\\\/examen-pratique\\\/\",\"url\":\"https:\\\/\\\/www.ecole-de-voile.ch\\\/examen-pratique\\\/\",\"name\":\"EXAMEN PRATIQUE - ECOLE DE VOILE D&#039;OUCHY\",\"isPartOf\":{\"@id\":\"https:\\\/\\\/www.ecole-de-voile.ch\\\/#website\"},\"primaryImageOfPage\":{\"@id\":\"https:\\\/\\\/www.ecole-de-voile.ch\\\/examen-pratique\\\/#primaryimage\"},\"image\":{\"@id\":\"https:\\\/\\\/www.ecole-de-voile.ch\\\/examen-pratique\\\/#primaryimage\"},\"thumbnailUrl\":\"http:\\\/\\\/www.ecole-de-voile.ch\\\/wp-content\\\/uploads\\\/2025\\\/08\\\/exemplaire-bulletin-examen-pratique-permis-voile-cat.d.jpg-224x300.png\",\"datePublished\":\"2021-11-28T11:47:34+00:00\",\"dateModified\":\"2025-08-27T17:25:32+00:00\",\"description\":\"Cours premiers secours pour permis mer suisse. Certificat premiers secours et samaritain avec attestation valable 6 ans pour permis mer suisse\",\"breadcrumb\":{\"@id\":\"https:\\\/\\\/www.ecole-de-voile.ch\\\/examen-pratique\\\/#breadcrumb\"},\"inLanguage\":\"en-GB\",\"potentialAction\":[{\"@type\":\"ReadAction\",\"target\":[\"https:\\\/\\\/www.ecole-de-voile.ch\\\/examen-pratique\\\/\"]}]},{\"@type\":\"ImageObject\",\"inLanguage\":\"en-GB\",\"@id\":\"https:\\\/\\\/www.ecole-de-voile.ch\\\/examen-pratique\\\/#primaryimage\",\"url\":\"http:\\\/\\\/www.ecole-de-voile.ch\\\/wp-content\\\/uploads\\\/2025\\\/08\\\/exemplaire-bulletin-examen-pratique-permis-voile-cat.d.jpg-224x300.png\",\"contentUrl\":\"http:\\\/\\\/www.ecole-de-voile.ch\\\/wp-content\\\/uploads\\\/2025\\\/08\\\/exemplaire-bulletin-examen-pratique-permis-voile-cat.d.jpg-224x300.png\"},{\"@type\":\"BreadcrumbList\",\"@id\":\"https:\\\/\\\/www.ecole-de-voile.ch\\\/examen-pratique\\\/#breadcrumb\",\"itemListElement\":[{\"@type\":\"ListItem\",\"position\":1,\"name\":\"Accueil\",\"item\":\"https:\\\/\\\/www.ecole-de-voile.ch\\\/\"},{\"@type\":\"ListItem\",\"position\":2,\"name\":\"EXAMEN PRATIQUE\"}]},{\"@type\":\"WebSite\",\"@id\":\"https:\\\/\\\/www.ecole-de-voile.ch\\\/#website\",\"url\":\"https:\\\/\\\/www.ecole-de-voile.ch\\\/\",\"name\":\"ECOLE DE VOILE OUCHY\",\"description\":\"Du permis voile et moteur lac au permis mer !\",\"publisher\":{\"@id\":\"https:\\\/\\\/www.ecole-de-voile.ch\\\/#organization\"},\"potentialAction\":[{\"@type\":\"SearchAction\",\"target\":{\"@type\":\"EntryPoint\",\"urlTemplate\":\"https:\\\/\\\/www.ecole-de-voile.ch\\\/?s={search_term_string}\"},\"query-input\":{\"@type\":\"PropertyValueSpecification\",\"valueRequired\":true,\"valueName\":\"search_term_string\"}}],\"inLanguage\":\"en-GB\"},{\"@type\":\"Organization\",\"@id\":\"https:\\\/\\\/www.ecole-de-voile.ch\\\/#organization\",\"name\":\"Ecole de Voile d'Ouchy\",\"url\":\"https:\\\/\\\/www.ecole-de-voile.ch\\\/\",\"logo\":{\"@type\":\"ImageObject\",\"inLanguage\":\"en-GB\",\"@id\":\"https:\\\/\\\/www.ecole-de-voile.ch\\\/#\\\/schema\\\/logo\\\/image\\\/\",\"url\":\"http:\\\/\\\/www.ecole-de-voile.ch\\\/wp-content\\\/uploads\\\/2020\\\/02\\\/LOGO_NEW_ECOLE_SITE.png\",\"contentUrl\":\"http:\\\/\\\/www.ecole-de-voile.ch\\\/wp-content\\\/uploads\\\/2020\\\/02\\\/LOGO_NEW_ECOLE_SITE.png\",\"width\":1702,\"height\":196,\"caption\":\"Ecole de Voile d'Ouchy\"},\"image\":{\"@id\":\"https:\\\/\\\/www.ecole-de-voile.ch\\\/#\\\/schema\\\/logo\\\/image\\\/\"},\"sameAs\":[\"https:\\\/\\\/www.facebook.com\\\/ecoledevoileouchy\\\/\",\"https:\\\/\\\/www.instagram.com\\\/ecoledevoileouchy\\\/?hl=fr\"]}]}<\/script>\n<!-- \/ Yoast SEO plugin. -->","yoast_head_json":{"title":"EXAMEN PRATIQUE - ECOLE DE VOILE D&#039;OUCHY","description":"Cours premiers secours pour permis mer suisse. Certificat premiers secours et samaritain avec attestation valable 6 ans pour permis mer suisse","robots":{"index":"index","follow":"follow","max-snippet":"max-snippet:-1","max-image-preview":"max-image-preview:large","max-video-preview":"max-video-preview:-1"},"canonical":"https:\/\/www.ecole-de-voile.ch\/en\/examen-pratique\/","og_locale":"en_GB","og_type":"article","og_title":"EXAMEN PRATIQUE - ECOLE DE VOILE D&#039;OUCHY","og_description":"Cours premiers secours pour permis mer suisse. Certificat premiers secours et samaritain avec attestation valable 6 ans pour permis mer suisse","og_url":"https:\/\/www.ecole-de-voile.ch\/en\/examen-pratique\/","og_site_name":"ECOLE DE VOILE D&#039;OUCHY","article_publisher":"https:\/\/www.facebook.com\/ecoledevoileouchy\/","article_modified_time":"2025-08-27T17:25:32+00:00","og_image":[{"url":"http:\/\/www.ecole-de-voile.ch\/wp-content\/uploads\/2025\/08\/exemplaire-bulletin-examen-pratique-permis-voile-cat.d.jpg-224x300.png","type":"","width":"","height":""}],"twitter_card":"summary_large_image","twitter_misc":{"Estimated reading time":"1 minute"},"schema":{"@context":"https:\/\/schema.org","@graph":[{"@type":"WebPage","@id":"https:\/\/www.ecole-de-voile.ch\/examen-pratique\/","url":"https:\/\/www.ecole-de-voile.ch\/examen-pratique\/","name":"EXAMEN PRATIQUE - ECOLE DE VOILE D&#039;OUCHY","isPartOf":{"@id":"https:\/\/www.ecole-de-voile.ch\/#website"},"primaryImageOfPage":{"@id":"https:\/\/www.ecole-de-voile.ch\/examen-pratique\/#primaryimage"},"image":{"@id":"https:\/\/www.ecole-de-voile.ch\/examen-pratique\/#primaryimage"},"thumbnailUrl":"http:\/\/www.ecole-de-voile.ch\/wp-content\/uploads\/2025\/08\/exemplaire-bulletin-examen-pratique-permis-voile-cat.d.jpg-224x300.png","datePublished":"2021-11-28T11:47:34+00:00","dateModified":"2025-08-27T17:25:32+00:00","description":"Cours premiers secours pour permis mer suisse. Certificat premiers secours et samaritain avec attestation valable 6 ans pour permis mer suisse","breadcrumb":{"@id":"https:\/\/www.ecole-de-voile.ch\/examen-pratique\/#breadcrumb"},"inLanguage":"en-GB","potentialAction":[{"@type":"ReadAction","target":["https:\/\/www.ecole-de-voile.ch\/examen-pratique\/"]}]},{"@type":"ImageObject","inLanguage":"en-GB","@id":"https:\/\/www.ecole-de-voile.ch\/examen-pratique\/#primaryimage","url":"http:\/\/www.ecole-de-voile.ch\/wp-content\/uploads\/2025\/08\/exemplaire-bulletin-examen-pratique-permis-voile-cat.d.jpg-224x300.png","contentUrl":"http:\/\/www.ecole-de-voile.ch\/wp-content\/uploads\/2025\/08\/exemplaire-bulletin-examen-pratique-permis-voile-cat.d.jpg-224x300.png"},{"@type":"BreadcrumbList","@id":"https:\/\/www.ecole-de-voile.ch\/examen-pratique\/#breadcrumb","itemListElement":[{"@type":"ListItem","position":1,"name":"Accueil","item":"https:\/\/www.ecole-de-voile.ch\/"},{"@type":"ListItem","position":2,"name":"EXAMEN PRATIQUE"}]},{"@type":"WebSite","@id":"https:\/\/www.ecole-de-voile.ch\/#website","url":"https:\/\/www.ecole-de-voile.ch\/","name":"ECOLE DE VOILE OUCHY","description":"Du permis voile et moteur lac au permis mer !","publisher":{"@id":"https:\/\/www.ecole-de-voile.ch\/#organization"},"potentialAction":[{"@type":"SearchAction","target":{"@type":"EntryPoint","urlTemplate":"https:\/\/www.ecole-de-voile.ch\/?s={search_term_string}"},"query-input":{"@type":"PropertyValueSpecification","valueRequired":true,"valueName":"search_term_string"}}],"inLanguage":"en-GB"},{"@type":"Organization","@id":"https:\/\/www.ecole-de-voile.ch\/#organization","name":"Ecole de Voile d'Ouchy","url":"https:\/\/www.ecole-de-voile.ch\/","logo":{"@type":"ImageObject","inLanguage":"en-GB","@id":"https:\/\/www.ecole-de-voile.ch\/#\/schema\/logo\/image\/","url":"http:\/\/www.ecole-de-voile.ch\/wp-content\/uploads\/2020\/02\/LOGO_NEW_ECOLE_SITE.png","contentUrl":"http:\/\/www.ecole-de-voile.ch\/wp-content\/uploads\/2020\/02\/LOGO_NEW_ECOLE_SITE.png","width":1702,"height":196,"caption":"Ecole de Voile d'Ouchy"},"image":{"@id":"https:\/\/www.ecole-de-voile.ch\/#\/schema\/logo\/image\/"},"sameAs":["https:\/\/www.facebook.com\/ecoledevoileouchy\/","https:\/\/www.instagram.com\/ecoledevoileouchy\/?hl=fr"]}]}},"_links":{"self":[{"href":"https:\/\/www.ecole-de-voile.ch\/en\/wp-json\/wp\/v2\/pages\/29788","targetHints":{"allow":["GET"]}}],"collection":[{"href":"https:\/\/www.ecole-de-voile.ch\/en\/wp-json\/wp\/v2\/pages"}],"about":[{"href":"https:\/\/www.ecole-de-voile.ch\/en\/wp-json\/wp\/v2\/types\/page"}],"author":[{"embeddable":true,"href":"https:\/\/www.ecole-de-voile.ch\/en\/wp-json\/wp\/v2\/users\/1"}],"replies":[{"embeddable":true,"href":"https:\/\/www.ecole-de-voile.ch\/en\/wp-json\/wp\/v2\/comments?post=29788"}],"version-history":[{"count":108,"href":"https:\/\/www.ecole-de-voile.ch\/en\/wp-json\/wp\/v2\/pages\/29788\/revisions"}],"predecessor-version":[{"id":1011046,"href":"https:\/\/www.ecole-de-voile.ch\/en\/wp-json\/wp\/v2\/pages\/29788\/revisions\/1011046"}],"wp:attachment":[{"href":"https:\/\/www.ecole-de-voile.ch\/en\/wp-json\/wp\/v2\/media?parent=29788"}],"curies":[{"name":"wp","href":"https:\/\/api.w.org\/{rel}","templated":true}]}}